{"id":28906,"date":"2022-06-29T15:39:13","date_gmt":"2022-06-29T13:39:13","guid":{"rendered":"https:\/\/giteducabrol.com\/?page_id=28906"},"modified":"2024-01-05T11:06:06","modified_gmt":"2024-01-05T10:06:06","slug":"seminaire","status":"publish","type":"page","link":"https:\/\/giteducabrol.com\/en\/seminaire\/","title":{"rendered":"Seminar"},"content":{"rendered":"<p>[et_pb_section fb_built=\u00a0\u00bb1&Prime; custom_padding_last_edited=\u00a0\u00bbon|phone\u00a0\u00bb admin_label=\u00a0\u00bbHero Section\u00a0\u00bb _builder_version=\u00a0\u00bb4.17.4&Prime; _module_preset=\u00a0\u00bbdefault\u00a0\u00bb background_enable_image=\u00a0\u00bboff\u00a0\u00bb background_video_mp4=\u00a0\u00bbhttps:\/\/giteducabrol.com\/wp-content\/uploads\/2022\/06\/From-The-Air-9798.mp4&Prime; custom_padding=\u00a0\u00bb6.8%||10%|||\u00a0\u00bb custom_padding_tablet=\u00a0\u00bb10%||10%|\u00a0\u00bb custom_padding_phone=\u00a0\u00bb10%||10%|\u00a0\u00bb locked=\u00a0\u00bboff\u00a0\u00bb global_colors_info=\u00a0\u00bb{}\u00a0\u00bb][et_pb_row column_structure=\u00a0\u00bb1_2,1_2&Prime; admin_label=\u00a0\u00bbHero Area\u00a0\u00bb _builder_version=\u00a0\u00bb4.17.4&Prime; _module_preset=\u00a0\u00bbdefault\u00a0\u00bb width=\u00a0\u00bb93%\u00a0\u00bb custom_margin=\u00a0\u00bb50px|auto||auto||\u00a0\u00bb custom_padding=\u00a0\u00bb0px|||||\u00a0\u00bb global_colors_info=\u00a0\u00bb{}\u00a0\u00bb][et_pb_column type=\u00a0\u00bb1_2&Prime; _builder_version=\u00a0\u00bb4.17.4&Prime; _module_preset=\u00a0\u00bbdefault\u00a0\u00bb background_color=\u00a0\u00bb#3a5a86&Prime; custom_padding=\u00a0\u00bb66px|29px|66px|29px|true|true\u00a0\u00bb animation_style=\u00a0\u00bbslide\u00a0\u00bb animation_direction=\u00a0\u00bbleft\u00a0\u00bb animation_delay=\u00a0\u00bb150ms\u00a0\u00bb animation_intensity_slide=\u00a0\u00bb13%\u00a0\u00bb box_shadow_style=\u00a0\u00bbpreset2&Prime; box_shadow_blur=\u00a0\u00bb17px\u00a0\u00bb box_shadow_spread=\u00a0\u00bb4px\u00a0\u00bb box_shadow_color=\u00a0\u00bbrgba(0,0,0,0.44)\u00a0\u00bb global_colors_info=\u00a0\u00bb{}\u00a0\u00bb custom_padding__hover=\u00a0\u00bb|||\u00a0\u00bb][et_pb_text _builder_version=\u00a0\u00bb4.17.4&Prime; _module_preset=\u00a0\u00bbdefault\u00a0\u00bb text_text_color=\u00a0\u00bb#f4f4f4&Prime; header_font=\u00a0\u00bbComfortaa||||||||\u00a0\u00bb header_text_color=\u00a0\u00bb#eaeaea\u00a0\u00bb header_font_size=\u00a0\u00bb53px\u00a0\u00bb header_font_size_tablet=\u00a0\u00bb53px\u00a0\u00bb header_font_size_phone=\u00a0\u00bb40px\u00a0\u00bb header_font_size_last_edited=\u00a0\u00bbon|phone\u00a0\u00bb global_colors_info=\u00a0\u00bb{}\u00a0\u00bb]<\/p>\n<h1>S\u00e9minaire<\/h1>\n<p>Votre s\u00e9minaire dans un carde idyllique<\/p>\n<p> [\/et_pb_text][\/et_pb_column][et_pb_column type=\u00a0\u00bb1_2&Prime; _builder_version=\u00a0\u00bb4.16&Prime; _module_preset=\u00a0\u00bbdefault\u00a0\u00bb custom_padding=\u00a0\u00bb|||\u00a0\u00bb global_colors_info=\u00a0\u00bb{}\u00a0\u00bb custom_padding__hover=\u00a0\u00bb|||\u00a0\u00bb][\/et_pb_column][\/et_pb_row][\/et_pb_section][et_pb_section fb_built=\u00a0\u00bb1&Prime; _builder_version=\u00a0\u00bb4.17.4&Prime; _module_preset=\u00a0\u00bbdefault\u00a0\u00bb global_colors_info=\u00a0\u00bb{}\u00a0\u00bb][et_pb_row column_structure=\u00a0\u00bb1_2,1_2&Prime; _builder_version=\u00a0\u00bb4.17.4&Prime; _module_preset=\u00a0\u00bbdefault\u00a0\u00bb global_colors_info=\u00a0\u00bb{}\u00a0\u00bb][et_pb_column type=\u00a0\u00bb1_2&Prime; _builder_version=\u00a0\u00bb4.17.4&Prime; _module_preset=\u00a0\u00bbdefault\u00a0\u00bb global_colors_info=\u00a0\u00bb{}\u00a0\u00bb][et_pb_text _builder_version=\u00a0\u00bb4.18.1&Prime; _module_preset=\u00a0\u00bbdefault\u00a0\u00bb custom_margin=\u00a0\u00bb10%||||false|false\u00a0\u00bb global_colors_info=\u00a0\u00bb{}\u00a0\u00bb]<\/p>\n<h2>S\u00e9minaire calme et naturel<\/h2>\n<p>S\u00e9minaire calme et naturel au Gite du Cabrol : un cadre idyllique pour vos \u00e9v\u00e9nements professionnels. Situ\u00e9 au c\u0153ur de la nature jurassienne, entour\u00e9 d&rsquo;un calme apaisant et de paysages magnifiques, notre g\u00eete est l&rsquo;endroit parfait pour organiser vos s\u00e9minaires, formations, r\u00e9unions d&rsquo;entreprise et autres \u00e9v\u00e9nements professionnels. L&rsquo;environnement naturel et tranquille du Gite du Cabrol favorise la concentration, la cr\u00e9ativit\u00e9 et le bien-\u00eatre, des atouts essentiels pour le succ\u00e8s de vos activit\u00e9s professionnelles.<\/p>\n<p>Notre cadre rustique, alliant charme et authenticit\u00e9, associ\u00e9 \u00e0 nos vastes espaces int\u00e9rieurs et ext\u00e9rieurs, vous garantit un d\u00e9paysement total et une atmosph\u00e8re atypique pour vos \u00e9v\u00e9nements. Le g\u00eete offre une vari\u00e9t\u00e9 d&rsquo;espaces adapt\u00e9s \u00e0 vos besoins, que ce soit pour des s\u00e9ances de travail en petit comit\u00e9 ou des conf\u00e9rences de plus grande envergure. La capacit\u00e9 de nos salles et espaces ext\u00e9rieurs peut \u00eatre ajust\u00e9e pour r\u00e9pondre \u00e0 vos exigences en termes de taille et d&rsquo;agencement.<\/p>\n<p>[\/et_pb_text][\/et_pb_column][et_pb_column type=\u00a0\u00bb1_2&Prime; _builder_version=\u00a0\u00bb4.17.4&Prime; _module_preset=\u00a0\u00bbdefault\u00a0\u00bb global_colors_info=\u00a0\u00bb{}\u00a0\u00bb][et_pb_image src=\u00a0\u00bbhttps:\/\/giteducabrol.com\/wp-content\/uploads\/2022\/07\/20220225_174405-scaled-e1666945693474.jpg\u00a0\u00bb alt=\u00a0\u00bbUne salle \u00e0 manger avec une belle table en bois\u00a0\u00bb title_text=\u00a0\u00bb20220225_174405&Prime; _builder_version=\u00a0\u00bb4.17.4&Prime; _module_preset=\u00a0\u00bbdefault\u00a0\u00bb global_colors_info=\u00a0\u00bb{}\u00a0\u00bb][\/et_pb_image][\/et_pb_column][\/et_pb_row][et_pb_row column_structure=\u00a0\u00bb1_2,1_2&Prime; _builder_version=\u00a0\u00bb4.17.4&Prime; _module_preset=\u00a0\u00bbdefault\u00a0\u00bb locked=\u00a0\u00bboff\u00a0\u00bb global_colors_info=\u00a0\u00bb{}\u00a0\u00bb][et_pb_column type=\u00a0\u00bb1_2&Prime; _builder_version=\u00a0\u00bb4.17.4&Prime; _module_preset=\u00a0\u00bbdefault\u00a0\u00bb global_colors_info=\u00a0\u00bb{}\u00a0\u00bb][et_pb_blurb title=\u00a0\u00bbWifi\u00a0\u00bb use_icon=\u00a0\u00bbon\u00a0\u00bb font_icon=\u00a0\u00bb&#xf1eb;||fa||900&Prime; icon_color=\u00a0\u00bb#000000&Prime; icon_placement=\u00a0\u00bbleft\u00a0\u00bb image_icon_width=\u00a0\u00bb150%\u00a0\u00bb _builder_version=\u00a0\u00bb4.17.4&Prime; _module_preset=\u00a0\u00bbdefault\u00a0\u00bb header_font=\u00a0\u00bbComfortaa||||||||\u00a0\u00bb header_font_size=\u00a0\u00bb16px\u00a0\u00bb global_colors_info=\u00a0\u00bb{}\u00a0\u00bb][\/et_pb_blurb][et_pb_blurb title=\u00a0\u00bbPaperboard\u00a0\u00bb use_icon=\u00a0\u00bbon\u00a0\u00bb font_icon=\u00a0\u00bb&#xf328;||fa||400&Prime; icon_color=\u00a0\u00bb#000000&Prime; icon_placement=\u00a0\u00bbleft\u00a0\u00bb image_icon_width=\u00a0\u00bb150%\u00a0\u00bb _builder_version=\u00a0\u00bb4.17.4&Prime; _module_preset=\u00a0\u00bbdefault\u00a0\u00bb header_font=\u00a0\u00bbComfortaa||||||||\u00a0\u00bb header_font_size=\u00a0\u00bb16px\u00a0\u00bb global_colors_info=\u00a0\u00bb{}\u00a0\u00bb][\/et_pb_blurb][et_pb_blurb title=\u00a0\u00bbRepas simple possible ou avec traiteur\u00a0\u00bb use_icon=\u00a0\u00bbon\u00a0\u00bb font_icon=\u00a0\u00bb&#xf2e7;||fa||900&Prime; icon_color=\u00a0\u00bb#000000&Prime; icon_placement=\u00a0\u00bbleft\u00a0\u00bb image_icon_width=\u00a0\u00bb150%\u00a0\u00bb _builder_version=\u00a0\u00bb4.17.4&Prime; _module_preset=\u00a0\u00bbdefault\u00a0\u00bb header_font=\u00a0\u00bbComfortaa||||||||\u00a0\u00bb header_font_size=\u00a0\u00bb16px\u00a0\u00bb global_colors_info=\u00a0\u00bb{}\u00a0\u00bb][\/et_pb_blurb][et_pb_blurb title=\u00a0\u00bbPause matin et\/ou apr\u00e8s-midi\u00a0\u00bb use_icon=\u00a0\u00bbon\u00a0\u00bb font_icon=\u00a0\u00bb&#xf6c0;||fa||900&Prime; icon_color=\u00a0\u00bb#000000&Prime; icon_placement=\u00a0\u00bbleft\u00a0\u00bb image_icon_width=\u00a0\u00bb150%\u00a0\u00bb _builder_version=\u00a0\u00bb4.17.4&Prime; _module_preset=\u00a0\u00bbdefault\u00a0\u00bb header_font=\u00a0\u00bbComfortaa||||||||\u00a0\u00bb header_font_size=\u00a0\u00bb16px\u00a0\u00bb global_colors_info=\u00a0\u00bb{}\u00a0\u00bb][\/et_pb_blurb][et_pb_blurb title=\u00a0\u00bbWC\u00a0\u00bb use_icon=\u00a0\u00bbon\u00a0\u00bb font_icon=\u00a0\u00bb&#xf7bd;||fa||900&Prime; icon_color=\u00a0\u00bb#000000&Prime; icon_placement=\u00a0\u00bbleft\u00a0\u00bb image_icon_width=\u00a0\u00bb150%\u00a0\u00bb _builder_version=\u00a0\u00bb4.17.4&Prime; _module_preset=\u00a0\u00bbdefault\u00a0\u00bb header_font=\u00a0\u00bbComfortaa||||||||\u00a0\u00bb header_font_size=\u00a0\u00bb16px\u00a0\u00bb global_colors_info=\u00a0\u00bb{}\u00a0\u00bb][\/et_pb_blurb][et_pb_blurb title=\u00a0\u00bbEcran\u00a0\u00bb use_icon=\u00a0\u00bbon\u00a0\u00bb font_icon=\u00a0\u00bb&#xf108;||fa||900&Prime; icon_color=\u00a0\u00bb#000000&Prime; icon_placement=\u00a0\u00bbleft\u00a0\u00bb image_icon_width=\u00a0\u00bb150%\u00a0\u00bb _builder_version=\u00a0\u00bb4.18.1&Prime; _module_preset=\u00a0\u00bbdefault\u00a0\u00bb header_font=\u00a0\u00bbComfortaa||||||||\u00a0\u00bb header_font_size=\u00a0\u00bb16px\u00a0\u00bb global_colors_info=\u00a0\u00bb{}\u00a0\u00bb][\/et_pb_blurb][et_pb_blurb title=\u00a0\u00bbVid\u00e9o projecteur\u00a0\u00bb use_icon=\u00a0\u00bbon\u00a0\u00bb font_icon=\u00a0\u00bb&#xf083;||fa||900&Prime; icon_color=\u00a0\u00bb#000000&Prime; icon_placement=\u00a0\u00bbleft\u00a0\u00bb image_icon_width=\u00a0\u00bb150%\u00a0\u00bb _builder_version=\u00a0\u00bb4.17.4&Prime; _module_preset=\u00a0\u00bbdefault\u00a0\u00bb header_font=\u00a0\u00bbComfortaa||||||||\u00a0\u00bb header_font_size=\u00a0\u00bb16px\u00a0\u00bb global_colors_info=\u00a0\u00bb{}\u00a0\u00bb][\/et_pb_blurb][\/et_pb_column][et_pb_column type=\u00a0\u00bb1_2&Prime; _builder_version=\u00a0\u00bb4.17.4&Prime; _module_preset=\u00a0\u00bbdefault\u00a0\u00bb global_colors_info=\u00a0\u00bb{}\u00a0\u00bb][et_pb_text _builder_version=\u00a0\u00bb4.18.1&Prime; _module_preset=\u00a0\u00bbdefault\u00a0\u00bb global_colors_info=\u00a0\u00bb{}\u00a0\u00bb]<\/p>\n<p>Pour la reservation compl\u00e8te d&rsquo;un g\u00eete, veuillez nous contacter au : <a href=\"tel:0634437865\"><span>(+33) 06 34 43 78 65<\/span><\/a><\/p>\n<p>[\/et_pb_text][et_pb_button button_url=\u00a0\u00bb@ET-DC@eyJkeW5hbWljIjp0cnVlLCJjb250ZW50IjoicG9zdF9saW5rX3VybF9wYWdlIiwic2V0dGluZ3MiOnsicG9zdF9pZCI6IjQ1In19@\u00a0\u00bb button_text=\u00a0\u00bbNous contacter\u00a0\u00bb button_alignment=\u00a0\u00bbcenter\u00a0\u00bb _builder_version=\u00a0\u00bb4.17.4&Prime; _dynamic_attributes=\u00a0\u00bbbutton_url\u00a0\u00bb _module_preset=\u00a0\u00bbdefault\u00a0\u00bb custom_button=\u00a0\u00bbon\u00a0\u00bb button_text_color=\u00a0\u00bb#FFFFFF\u00a0\u00bb button_bg_color=\u00a0\u00bb#DEB886&Prime; button_border_width=\u00a0\u00bb0px\u00a0\u00bb button_border_radius=\u00a0\u00bb5px\u00a0\u00bb button_font=\u00a0\u00bbComfortaa||||||||\u00a0\u00bb custom_margin=\u00a0\u00bb37px||-20px|||\u00a0\u00bb locked=\u00a0\u00bboff\u00a0\u00bb global_colors_info=\u00a0\u00bb{}\u00a0\u00bb][\/et_pb_button][\/et_pb_column][\/et_pb_row][et_pb_row _builder_version=\u00a0\u00bb4.23.4&Prime; _module_preset=\u00a0\u00bbdefault\u00a0\u00bb border_style_all=\u00a0\u00bbnone\u00a0\u00bb border_color_all=\u00a0\u00bb#FFFFFF\u00a0\u00bb hover_enabled=\u00a0\u00bb0&Prime; sticky_enabled=\u00a0\u00bb0&Prime;][et_pb_column _builder_version=\u00a0\u00bb4.23.4&Prime; _module_preset=\u00a0\u00bbdefault\u00a0\u00bb type=\u00a0\u00bb4_4&Prime;][et_pb_accordion _builder_version=\u00a0\u00bb4.23.4&Prime; _module_preset=\u00a0\u00bbdefault\u00a0\u00bb hover_enabled=\u00a0\u00bb0&Prime; sticky_enabled=\u00a0\u00bb0&Prime; border_width_all=\u00a0\u00bb0px\u00a0\u00bb][et_pb_accordion_item _builder_version=\u00a0\u00bb4.23.4&Prime; _module_preset=\u00a0\u00bbdefault\u00a0\u00bb open=\u00a0\u00bboff\u00a0\u00bb hover_enabled=\u00a0\u00bb0&Prime; sticky_enabled=\u00a0\u00bb0&Prime;]<\/p>\n<p>Nous mettons \u00e0 votre disposition une salle \u00e0 manger spacieuse avec une belle table en bois, id\u00e9ale pour des repas d&rsquo;affaires ou des pauses conviviales. L&rsquo;espace est \u00e9quip\u00e9 de Wi-Fi, d&rsquo;un paperboard, d&rsquo;un \u00e9cran et d&rsquo;un vid\u00e9o-projecteur pour faciliter vos pr\u00e9sentations et r\u00e9unions. Pour la restauration, nous proposons des options flexibles allant d&rsquo;un repas simple \u00e0 une formule avec traiteur, selon vos pr\u00e9f\u00e9rences et besoins.<\/p>\n<p>Pour agr\u00e9menter vos s\u00e9minaires, nous offrons \u00e9galement des pauses matin et apr\u00e8s-midi, durant lesquelles vous pourrez vous d\u00e9tendre et profiter de notre terrasse ensoleill\u00e9e. Ces moments de pause sont parfaits pour favoriser le r\u00e9seautage et la d\u00e9tente entre les sessions de travail.<\/p>\n<p>Notre \u00e9quipe est d\u00e9di\u00e9e \u00e0 l&rsquo;organisation impeccable de votre \u00e9v\u00e9nement. Nous sommes \u00e0 votre \u00e9coute pour r\u00e9pondre \u00e0 toutes vos demandes et vous fournir un devis personnalis\u00e9. Nous vous accompagnons dans chaque \u00e9tape de l&rsquo;organisation, de la planification initiale jusqu&rsquo;\u00e0 la r\u00e9alisation de votre \u00e9v\u00e9nement, pour garantir sa r\u00e9ussite.<\/p>\n<p>Au Gite du Cabrol, nous comprenons l&rsquo;importance d&rsquo;un cadre propice au travail et \u00e0 l&rsquo;\u00e9change professionnel. C&rsquo;est pourquoi nous mettons tout en \u0153uvre pour cr\u00e9er un environnement favorable, propice \u00e0 la r\u00e9flexion et \u00e0 l&rsquo;innovation. Que vous recherchiez un lieu pour une formation, une conf\u00e9rence, un team building ou tout autre type de r\u00e9union professionnelle, le Gite du Cabrol offre un cadre exceptionnel et des services adapt\u00e9s \u00e0 vos besoins.<\/p>\n<p>En choisissant notre g\u00eete pour votre s\u00e9minaire, vous optez pour une exp\u00e9rience unique, alliant travail et d\u00e9tente, dans un cadre naturel et inspirant. Nous sommes impatients de vous accueillir et de contribuer au succ\u00e8s de votre \u00e9v\u00e9nement au c\u0153ur du Jura.<\/p>\n<p>[\/et_pb_accordion_item][\/et_pb_accordion][\/et_pb_column][\/et_pb_row][\/et_pb_section]<\/p>\n","protected":false},"excerpt":{"rendered":"<p>S\u00e9minaire Votre s\u00e9minaire dans un carde idyllique S\u00e9minaire calme et naturel S\u00e9minaire calme et naturel au Gite du Cabrol : un cadre idyllique pour vos \u00e9v\u00e9nements professionnels. Situ\u00e9 au c\u0153ur de la nature jurassienne, entour\u00e9 d&rsquo;un calme apaisant et de paysages magnifiques, notre g\u00eete est l&rsquo;endroit parfait pour organiser vos s\u00e9minaires, formations, r\u00e9unions d&rsquo;entreprise et [&hellip;]<\/p>\n","protected":false},"author":1,"featured_media":0,"parent":0,"menu_order":0,"comment_status":"closed","ping_status":"closed","template":"","meta":{"_et_pb_use_builder":"on","_et_pb_old_content":"","_et_gb_content_width":"","footnotes":""},"class_list":["post-28906","page","type-page","status-publish","hentry"],"yoast_head":"<!-- This site is optimized with the Yoast SEO plugin v27.5 - https:\/\/yoast.com\/product\/yoast-seo-wordpress\/ -->\n<title>S\u00e9minaire - Gite du Cabrol | Jura<\/title>\n<meta name=\"description\" content=\"Organisez vos \u00e9v\u00e9nements professionnels et s\u00e9minaires dans le cadre idyllique du Gite du Cabrol, en plein c\u0153ur de la nature Jurassienne.\" \/>\n<meta name=\"robots\" content=\"index, follow, max-snippet:-1, max-image-preview:large, max-video-preview:-1\" \/>\n<link rel=\"canonical\" href=\"https:\/\/giteducabrol.com\/en\/seminaire\/\" \/>\n<meta property=\"og:locale\" content=\"en_GB\" \/>\n<meta property=\"og:type\" content=\"article\" \/>\n<meta property=\"og:title\" content=\"S\u00e9minaire - Gite du Cabrol | Jura\" \/>\n<meta property=\"og:description\" content=\"Organisez vos \u00e9v\u00e9nements professionnels et s\u00e9minaires dans le cadre idyllique du Gite du Cabrol, en plein c\u0153ur de la nature Jurassienne.\" \/>\n<meta property=\"og:url\" content=\"https:\/\/giteducabrol.com\/en\/seminaire\/\" \/>\n<meta property=\"og:site_name\" content=\"Gite du Cabrol | Jura\" \/>\n<meta property=\"article:modified_time\" content=\"2024-01-05T10:06:06+00:00\" \/>\n<meta name=\"twitter:card\" content=\"summary_large_image\" \/>\n<meta name=\"twitter:label1\" content=\"Est. reading time\" \/>\n\t<meta name=\"twitter:data1\" content=\"2 minutes\" \/>\n<script type=\"application\/ld+json\" class=\"yoast-schema-graph\">{\"@context\":\"https:\\\/\\\/schema.org\",\"@graph\":[{\"@type\":\"WebPage\",\"@id\":\"https:\\\/\\\/giteducabrol.com\\\/seminaire\\\/\",\"url\":\"https:\\\/\\\/giteducabrol.com\\\/seminaire\\\/\",\"name\":\"S\u00e9minaire - Gite du Cabrol | Jura\",\"isPartOf\":{\"@id\":\"https:\\\/\\\/giteducabrol.com\\\/#website\"},\"datePublished\":\"2022-06-29T13:39:13+00:00\",\"dateModified\":\"2024-01-05T10:06:06+00:00\",\"description\":\"Organisez vos \u00e9v\u00e9nements professionnels et s\u00e9minaires dans le cadre idyllique du Gite du Cabrol, en plein c\u0153ur de la nature Jurassienne.\",\"breadcrumb\":{\"@id\":\"https:\\\/\\\/giteducabrol.com\\\/seminaire\\\/#breadcrumb\"},\"inLanguage\":\"en-GB\",\"potentialAction\":[{\"@type\":\"ReadAction\",\"target\":[\"https:\\\/\\\/giteducabrol.com\\\/seminaire\\\/\"]}]},{\"@type\":\"BreadcrumbList\",\"@id\":\"https:\\\/\\\/giteducabrol.com\\\/seminaire\\\/#breadcrumb\",\"itemListElement\":[{\"@type\":\"ListItem\",\"position\":1,\"name\":\"Accueil\",\"item\":\"https:\\\/\\\/giteducabrol.com\\\/\"},{\"@type\":\"ListItem\",\"position\":2,\"name\":\"S\u00e9minaire\"}]},{\"@type\":\"WebSite\",\"@id\":\"https:\\\/\\\/giteducabrol.com\\\/#website\",\"url\":\"https:\\\/\\\/giteducabrol.com\\\/\",\"name\":\"Gite du Cabrol | Jura\",\"description\":\"\",\"potentialAction\":[{\"@type\":\"SearchAction\",\"target\":{\"@type\":\"EntryPoint\",\"urlTemplate\":\"https:\\\/\\\/giteducabrol.com\\\/?s={search_term_string}\"},\"query-input\":{\"@type\":\"PropertyValueSpecification\",\"valueRequired\":true,\"valueName\":\"search_term_string\"}}],\"inLanguage\":\"en-GB\"}]}<\/script>\n<!-- \/ Yoast SEO plugin. -->","yoast_head_json":{"title":"S\u00e9minaire - Gite du Cabrol | Jura","description":"Organisez vos \u00e9v\u00e9nements professionnels et s\u00e9minaires dans le cadre idyllique du Gite du Cabrol, en plein c\u0153ur de la nature Jurassienne.","robots":{"index":"index","follow":"follow","max-snippet":"max-snippet:-1","max-image-preview":"max-image-preview:large","max-video-preview":"max-video-preview:-1"},"canonical":"https:\/\/giteducabrol.com\/en\/seminaire\/","og_locale":"en_GB","og_type":"article","og_title":"S\u00e9minaire - Gite du Cabrol | Jura","og_description":"Organisez vos \u00e9v\u00e9nements professionnels et s\u00e9minaires dans le cadre idyllique du Gite du Cabrol, en plein c\u0153ur de la nature Jurassienne.","og_url":"https:\/\/giteducabrol.com\/en\/seminaire\/","og_site_name":"Gite du Cabrol | Jura","article_modified_time":"2024-01-05T10:06:06+00:00","twitter_card":"summary_large_image","twitter_misc":{"Est. reading time":"2 minutes"},"schema":{"@context":"https:\/\/schema.org","@graph":[{"@type":"WebPage","@id":"https:\/\/giteducabrol.com\/seminaire\/","url":"https:\/\/giteducabrol.com\/seminaire\/","name":"S\u00e9minaire - Gite du Cabrol | Jura","isPartOf":{"@id":"https:\/\/giteducabrol.com\/#website"},"datePublished":"2022-06-29T13:39:13+00:00","dateModified":"2024-01-05T10:06:06+00:00","description":"Organisez vos \u00e9v\u00e9nements professionnels et s\u00e9minaires dans le cadre idyllique du Gite du Cabrol, en plein c\u0153ur de la nature Jurassienne.","breadcrumb":{"@id":"https:\/\/giteducabrol.com\/seminaire\/#breadcrumb"},"inLanguage":"en-GB","potentialAction":[{"@type":"ReadAction","target":["https:\/\/giteducabrol.com\/seminaire\/"]}]},{"@type":"BreadcrumbList","@id":"https:\/\/giteducabrol.com\/seminaire\/#breadcrumb","itemListElement":[{"@type":"ListItem","position":1,"name":"Accueil","item":"https:\/\/giteducabrol.com\/"},{"@type":"ListItem","position":2,"name":"S\u00e9minaire"}]},{"@type":"WebSite","@id":"https:\/\/giteducabrol.com\/#website","url":"https:\/\/giteducabrol.com\/","name":"Gite du Cabrol | Jura","description":"","potentialAction":[{"@type":"SearchAction","target":{"@type":"EntryPoint","urlTemplate":"https:\/\/giteducabrol.com\/?s={search_term_string}"},"query-input":{"@type":"PropertyValueSpecification","valueRequired":true,"valueName":"search_term_string"}}],"inLanguage":"en-GB"}]}},"_links":{"self":[{"href":"https:\/\/giteducabrol.com\/en\/wp-json\/wp\/v2\/pages\/28906","targetHints":{"allow":["GET"]}}],"collection":[{"href":"https:\/\/giteducabrol.com\/en\/wp-json\/wp\/v2\/pages"}],"about":[{"href":"https:\/\/giteducabrol.com\/en\/wp-json\/wp\/v2\/types\/page"}],"author":[{"embeddable":true,"href":"https:\/\/giteducabrol.com\/en\/wp-json\/wp\/v2\/users\/1"}],"replies":[{"embeddable":true,"href":"https:\/\/giteducabrol.com\/en\/wp-json\/wp\/v2\/comments?post=28906"}],"version-history":[{"count":21,"href":"https:\/\/giteducabrol.com\/en\/wp-json\/wp\/v2\/pages\/28906\/revisions"}],"predecessor-version":[{"id":30545,"href":"https:\/\/giteducabrol.com\/en\/wp-json\/wp\/v2\/pages\/28906\/revisions\/30545"}],"wp:attachment":[{"href":"https:\/\/giteducabrol.com\/en\/wp-json\/wp\/v2\/media?parent=28906"}],"curies":[{"name":"wp","href":"https:\/\/api.w.org\/{rel}","templated":true}]}}